{"id":359,"date":"2025-09-26T12:14:28","date_gmt":"2025-09-26T12:14:28","guid":{"rendered":"https:\/\/www.montscharvin-courchevel.com\/?page_id=359"},"modified":"2025-11-07T04:58:31","modified_gmt":"2025-11-07T04:58:31","slug":"galerie-photos","status":"publish","type":"page","link":"https:\/\/www.montscharvin-courchevel.com\/en\/galerie-photos\/","title":{"rendered":"Gallery"},"content":{"rendered":"<div data-elementor-type=\"wp-page\" data-elementor-id=\"359\" class=\"elementor elementor-359\" data-elementor-post-type=\"page\">\n\t\t\t\t<div class=\"elementor-element elementor-element-905e4a1 e-flex e-con-boxed e-con e-parent\" data-id=\"905e4a1\" data-element_type=\"container\" data-e-type=\"container\" data-settings=\"{&quot;background_background&quot;:&quot;classic&quot;}\">\n\t\t\t\t\t<div class=\"e-con-inner\">\n\t\t\t\t\t<\/div>\n\t\t\t\t<\/div>\n\t\t<div class=\"elementor-element elementor-element-0984ff2 e-con-full e-flex e-con e-parent\" data-id=\"0984ff2\" data-element_type=\"container\" data-e-type=\"container\">\n\t\t\t\t<div class=\"elementor-element elementor-element-45f59bd elementor-widget elementor-widget-heading\" data-id=\"45f59bd\" data-element_type=\"widget\" data-e-type=\"widget\" data-widget_type=\"heading.default\">\n\t\t\t\t\t<h1 class=\"elementor-heading-title elementor-size-default\">Discover our hotel through images<\/h1>\t\t\t\t<\/div>\n\t\t\t\t<div class=\"elementor-element elementor-element-9925616 elementor-gallery--filter-align-center elementor-widget elementor-widget-gallery\" data-id=\"9925616\" data-element_type=\"widget\" data-e-type=\"widget\" data-settings=\"{&quot;gap&quot;:{&quot;unit&quot;:&quot;px&quot;,&quot;size&quot;:20,&quot;sizes&quot;:[]},&quot;aspect_ratio&quot;:&quot;9:16&quot;,&quot;columns_laptop&quot;:3,&quot;columns_mobile&quot;:2,&quot;lazyload&quot;:&quot;yes&quot;,&quot;gallery_layout&quot;:&quot;grid&quot;,&quot;columns&quot;:4,&quot;columns_tablet&quot;:2,&quot;gap_laptop&quot;:{&quot;unit&quot;:&quot;px&quot;,&quot;size&quot;:10,&quot;sizes&quot;:[]},&quot;gap_tablet&quot;:{&quot;unit&quot;:&quot;px&quot;,&quot;size&quot;:10,&quot;sizes&quot;:[]},&quot;gap_mobile&quot;:{&quot;unit&quot;:&quot;px&quot;,&quot;size&quot;:10,&quot;sizes&quot;:[]},&quot;link_to&quot;:&quot;file&quot;,&quot;show_all_galleries&quot;:&quot;yes&quot;,&quot;overlay_background&quot;:&quot;yes&quot;,&quot;content_hover_animation&quot;:&quot;fade-in&quot;}\" data-widget_type=\"gallery.default\">\n\t\t\t\t\t\t\t\t<div class=\"elementor-gallery__titles-container e--pointer-none\" aria-label=\"Filtre de galerie\">\n\t\t\t\t\t\t\t\t\t<a class=\"elementor-item elementor-gallery-title\" role=\"button\" tabindex=\"0\" data-gallery-index=\"all\">\n\t\t\t\t\t\tAll\t\t\t\t\t<\/a>\n\t\t\t\t\n\t\t\t\t\t\t\t\t\t<a class=\"elementor-item elementor-gallery-title\" role=\"button\" tabindex=\"0\" data-gallery-index=\"0\">\n\t\t\t\t\t\tHotel\t\t\t\t\t<\/a>\n\t\t\t\t\t\t\t\t\t\t<a class=\"elementor-item elementor-gallery-title\" role=\"button\" tabindex=\"0\" data-gallery-index=\"1\">\n\t\t\t\t\t\tRooms\t\t\t\t\t<\/a>\n\t\t\t\t\t\t\t\t<\/div>\n\t\t\t\t\t<div class=\"elementor-gallery__container\">\n\t\t\t\t\t\t\t<a class=\"e-gallery-item elementor-gallery-item elementor-animated-content\" data-e-gallery-tags=\"0\" href=\"https:\/\/www.montscharvin-courchevel.com\/wp-content\/uploads\/2025\/09\/Notre-hotel-Les-Monts-Charvin-Hotel.webp\" data-elementor-open-lightbox=\"yes\" data-elementor-lightbox-slideshow=\"9925616\" data-e-action-hash=\"#elementor-action%3Aaction%3Dlightbox%26settings%3DeyJpZCI6MTEwLCJ1cmwiOiJodHRwczpcL1wvd3d3Lm1vbnRzY2hhcnZpbi1jb3VyY2hldmVsLmNvbVwvd3AtY29udGVudFwvdXBsb2Fkc1wvMjAyNVwvMDlcL05vdHJlLWhvdGVsLUxlcy1Nb250cy1DaGFydmluLUhvdGVsLndlYnAiLCJzbGlkZXNob3ciOiI5OTI1NjE2In0%3D\">\n\t\t\t\t\t<div class=\"e-gallery-image elementor-gallery-item__image\" data-thumbnail=\"https:\/\/www.montscharvin-courchevel.com\/wp-content\/uploads\/2025\/09\/Notre-hotel-Les-Monts-Charvin-Hotel-683x1024.webp\" data-width=\"683\" data-height=\"1024\" aria-label=\"Notre h\u00f4tel - Les Monts Charvin - Courchevel \u00a9 Aubry Bertin\" role=\"img\" ><\/div>\n\t\t\t\t\t\t\t\t\t\t\t<div class=\"elementor-gallery-item__overlay\"><\/div>\n\t\t\t\t\t\t\t\t\t\t\t\t\t\t<\/a>\n\t\t\t\t\t\t\t<a class=\"e-gallery-item elementor-gallery-item elementor-animated-content\" data-e-gallery-tags=\"0\" href=\"https:\/\/www.montscharvin-courchevel.com\/wp-content\/uploads\/2025\/09\/Restaurant-hotel-home-Les-Monts-Charvin-Hotel.webp\" data-elementor-open-lightbox=\"yes\" data-elementor-lightbox-slideshow=\"9925616\" data-e-action-hash=\"#elementor-action%3Aaction%3Dlightbox%26settings%3DeyJpZCI6MTUzLCJ1cmwiOiJodHRwczpcL1wvd3d3Lm1vbnRzY2hhcnZpbi1jb3VyY2hldmVsLmNvbVwvd3AtY29udGVudFwvdXBsb2Fkc1wvMjAyNVwvMDlcL1Jlc3RhdXJhbnQtaG90ZWwtaG9tZS1MZXMtTW9udHMtQ2hhcnZpbi1Ib3RlbC53ZWJwIiwic2xpZGVzaG93IjoiOTkyNTYxNiJ9\">\n\t\t\t\t\t<div class=\"e-gallery-image elementor-gallery-item__image\" data-thumbnail=\"https:\/\/www.montscharvin-courchevel.com\/wp-content\/uploads\/2025\/09\/Restaurant-hotel-home-Les-Monts-Charvin-Hotel-1024x682.webp\" data-width=\"800\" data-height=\"533\" aria-label=\"Chez Maurice - H\u00f4tel Les Monts Charvin - Courchevel \u00a9 Aubry Bertin\" role=\"img\" ><\/div>\n\t\t\t\t\t\t\t\t\t\t\t<div class=\"elementor-gallery-item__overlay\"><\/div>\n\t\t\t\t\t\t\t\t\t\t\t\t\t\t<\/a>\n\t\t\t\t\t\t\t<a class=\"e-gallery-item elementor-gallery-item elementor-animated-content\" data-e-gallery-tags=\"0\" href=\"https:\/\/www.montscharvin-courchevel.com\/wp-content\/uploads\/2025\/09\/Les-Monts-Charvin-Diapo-home-1.webp\" data-elementor-open-lightbox=\"yes\" data-elementor-lightbox-slideshow=\"9925616\" data-e-action-hash=\"#elementor-action%3Aaction%3Dlightbox%26settings%3DeyJpZCI6Mjc2LCJ1cmwiOiJodHRwczpcL1wvd3d3Lm1vbnRzY2hhcnZpbi1jb3VyY2hldmVsLmNvbVwvd3AtY29udGVudFwvdXBsb2Fkc1wvMjAyNVwvMDlcL0xlcy1Nb250cy1DaGFydmluLURpYXBvLWhvbWUtMS53ZWJwIiwic2xpZGVzaG93IjoiOTkyNTYxNiJ9\">\n\t\t\t\t\t<div class=\"e-gallery-image elementor-gallery-item__image\" data-thumbnail=\"https:\/\/www.montscharvin-courchevel.com\/wp-content\/uploads\/2025\/09\/Les-Monts-Charvin-Diapo-home-1-1024x682.webp\" data-width=\"800\" data-height=\"533\" aria-label=\"Chez Maurice - H\u00f4tel Les Monts Charvin - Courchevel \u00a9 Aubry Bertin\" role=\"img\" ><\/div>\n\t\t\t\t\t\t\t\t\t\t\t<div class=\"elementor-gallery-item__overlay\"><\/div>\n\t\t\t\t\t\t\t\t\t\t\t\t\t\t<\/a>\n\t\t\t\t\t\t\t<a class=\"e-gallery-item elementor-gallery-item elementor-animated-content\" data-e-gallery-tags=\"0\" href=\"https:\/\/www.montscharvin-courchevel.com\/wp-content\/uploads\/2025\/10\/DSC04795-HDR-scaled.jpg\" data-elementor-open-lightbox=\"yes\" data-elementor-lightbox-slideshow=\"9925616\" data-e-action-hash=\"#elementor-action%3Aaction%3Dlightbox%26settings%3DeyJpZCI6NTQ1LCJ1cmwiOiJodHRwczpcL1wvd3d3Lm1vbnRzY2hhcnZpbi1jb3VyY2hldmVsLmNvbVwvd3AtY29udGVudFwvdXBsb2Fkc1wvMjAyNVwvMTBcL0RTQzA0Nzk1LUhEUi1zY2FsZWQuanBnIiwic2xpZGVzaG93IjoiOTkyNTYxNiJ9\">\n\t\t\t\t\t<div class=\"e-gallery-image elementor-gallery-item__image\" data-thumbnail=\"https:\/\/www.montscharvin-courchevel.com\/wp-content\/uploads\/2025\/10\/DSC04795-HDR-683x1024.jpg\" data-width=\"683\" data-height=\"1024\" aria-label=\"H\u00f4tel Les Monts Charvin - Courchevel \u00a9 Aubry Bertin\" role=\"img\" ><\/div>\n\t\t\t\t\t\t\t\t\t\t\t<div class=\"elementor-gallery-item__overlay\"><\/div>\n\t\t\t\t\t\t\t\t\t\t\t\t\t\t<\/a>\n\t\t\t\t\t\t\t<a class=\"e-gallery-item elementor-gallery-item elementor-animated-content\" data-e-gallery-tags=\"0\" href=\"https:\/\/www.montscharvin-courchevel.com\/wp-content\/uploads\/2025\/09\/facade.webp\" data-elementor-open-lightbox=\"yes\" data-elementor-lightbox-slideshow=\"9925616\" data-e-action-hash=\"#elementor-action%3Aaction%3Dlightbox%26settings%3DeyJpZCI6NDM1LCJ1cmwiOiJodHRwczpcL1wvd3d3Lm1vbnRzY2hhcnZpbi1jb3VyY2hldmVsLmNvbVwvd3AtY29udGVudFwvdXBsb2Fkc1wvMjAyNVwvMDlcL2ZhY2FkZS53ZWJwIiwic2xpZGVzaG93IjoiOTkyNTYxNiJ9\">\n\t\t\t\t\t<div class=\"e-gallery-image elementor-gallery-item__image\" data-thumbnail=\"https:\/\/www.montscharvin-courchevel.com\/wp-content\/uploads\/2025\/09\/facade-683x1024.webp\" data-width=\"683\" data-height=\"1024\" aria-label=\"H\u00f4tel Les Monts Charvin - Courchevel \u00a9 Aubry Bertin\" role=\"img\" ><\/div>\n\t\t\t\t\t\t\t\t\t\t\t<div class=\"elementor-gallery-item__overlay\"><\/div>\n\t\t\t\t\t\t\t\t\t\t\t\t\t\t<\/a>\n\t\t\t\t\t\t\t<a class=\"e-gallery-item elementor-gallery-item elementor-animated-content\" data-e-gallery-tags=\"0\" href=\"https:\/\/www.montscharvin-courchevel.com\/wp-content\/uploads\/2025\/09\/Restaurant-Chez-Maurice-Home-2-Les-Monts-Charvin.webp\" data-elementor-open-lightbox=\"yes\" data-elementor-lightbox-slideshow=\"9925616\" data-e-action-hash=\"#elementor-action%3Aaction%3Dlightbox%26settings%3DeyJpZCI6MTY3LCJ1cmwiOiJodHRwczpcL1wvd3d3Lm1vbnRzY2hhcnZpbi1jb3VyY2hldmVsLmNvbVwvd3AtY29udGVudFwvdXBsb2Fkc1wvMjAyNVwvMDlcL1Jlc3RhdXJhbnQtQ2hlei1NYXVyaWNlLUhvbWUtMi1MZXMtTW9udHMtQ2hhcnZpbi53ZWJwIiwic2xpZGVzaG93IjoiOTkyNTYxNiJ9\">\n\t\t\t\t\t<div class=\"e-gallery-image elementor-gallery-item__image\" data-thumbnail=\"https:\/\/www.montscharvin-courchevel.com\/wp-content\/uploads\/2025\/09\/Restaurant-Chez-Maurice-Home-2-Les-Monts-Charvin-683x1024.webp\" data-width=\"683\" data-height=\"1024\" aria-label=\"Chez Maurice - H\u00f4tel Les Monts Charvin - Courchevel \u00a9 Aubry Bertin\" role=\"img\" ><\/div>\n\t\t\t\t\t\t\t\t\t\t\t<div class=\"elementor-gallery-item__overlay\"><\/div>\n\t\t\t\t\t\t\t\t\t\t\t\t\t\t<\/a>\n\t\t\t\t\t\t\t<a class=\"e-gallery-item elementor-gallery-item elementor-animated-content\" data-e-gallery-tags=\"1\" href=\"https:\/\/www.montscharvin-courchevel.com\/wp-content\/uploads\/2025\/09\/DSC04630-HDR-scaled.jpg\" data-elementor-open-lightbox=\"yes\" data-elementor-lightbox-slideshow=\"9925616\" data-e-action-hash=\"#elementor-action%3Aaction%3Dlightbox%26settings%3DeyJpZCI6NDkxLCJ1cmwiOiJodHRwczpcL1wvd3d3Lm1vbnRzY2hhcnZpbi1jb3VyY2hldmVsLmNvbVwvd3AtY29udGVudFwvdXBsb2Fkc1wvMjAyNVwvMDlcL0RTQzA0NjMwLUhEUi1zY2FsZWQuanBnIiwic2xpZGVzaG93IjoiOTkyNTYxNiJ9\">\n\t\t\t\t\t<div class=\"e-gallery-image elementor-gallery-item__image\" data-thumbnail=\"https:\/\/www.montscharvin-courchevel.com\/wp-content\/uploads\/2025\/09\/DSC04630-HDR-1024x683.jpg\" data-width=\"800\" data-height=\"534\" aria-label=\"Suite - H\u00f4tel Les Monts Charvin - Courchevel \u00a9 Aubry Bertin\" role=\"img\" ><\/div>\n\t\t\t\t\t\t\t\t\t\t\t<div class=\"elementor-gallery-item__overlay\"><\/div>\n\t\t\t\t\t\t\t\t\t\t\t\t\t\t<\/a>\n\t\t\t\t\t\t\t<a class=\"e-gallery-item elementor-gallery-item elementor-animated-content\" data-e-gallery-tags=\"1\" href=\"https:\/\/www.montscharvin-courchevel.com\/wp-content\/uploads\/2025\/09\/DSC04318-HDR.webp\" data-elementor-open-lightbox=\"yes\" data-elementor-lightbox-slideshow=\"9925616\" data-e-action-hash=\"#elementor-action%3Aaction%3Dlightbox%26settings%3DeyJpZCI6NDQ4LCJ1cmwiOiJodHRwczpcL1wvd3d3Lm1vbnRzY2hhcnZpbi1jb3VyY2hldmVsLmNvbVwvd3AtY29udGVudFwvdXBsb2Fkc1wvMjAyNVwvMDlcL0RTQzA0MzE4LUhEUi53ZWJwIiwic2xpZGVzaG93IjoiOTkyNTYxNiJ9\">\n\t\t\t\t\t<div class=\"e-gallery-image elementor-gallery-item__image\" data-thumbnail=\"https:\/\/www.montscharvin-courchevel.com\/wp-content\/uploads\/2025\/09\/DSC04318-HDR.webp\" data-width=\"800\" data-height=\"534\" aria-label=\"Chambre sup\u00e9rieure - H\u00f4tel Les Monts Charvin - Courchevel \u00a9 Aubry Bertin\" role=\"img\" ><\/div>\n\t\t\t\t\t\t\t\t\t\t\t<div class=\"elementor-gallery-item__overlay\"><\/div>\n\t\t\t\t\t\t\t\t\t\t\t\t\t\t<\/a>\n\t\t\t\t\t\t\t<a class=\"e-gallery-item elementor-gallery-item elementor-animated-content\" data-e-gallery-tags=\"1\" href=\"https:\/\/www.montscharvin-courchevel.com\/wp-content\/uploads\/2025\/09\/DSC04017-HDR.webp\" data-elementor-open-lightbox=\"yes\" data-elementor-lightbox-slideshow=\"9925616\" data-e-action-hash=\"#elementor-action%3Aaction%3Dlightbox%26settings%3DeyJpZCI6NDQ2LCJ1cmwiOiJodHRwczpcL1wvd3d3Lm1vbnRzY2hhcnZpbi1jb3VyY2hldmVsLmNvbVwvd3AtY29udGVudFwvdXBsb2Fkc1wvMjAyNVwvMDlcL0RTQzA0MDE3LUhEUi53ZWJwIiwic2xpZGVzaG93IjoiOTkyNTYxNiJ9\">\n\t\t\t\t\t<div class=\"e-gallery-image elementor-gallery-item__image\" data-thumbnail=\"https:\/\/www.montscharvin-courchevel.com\/wp-content\/uploads\/2025\/09\/DSC04017-HDR-683x1024.webp\" data-width=\"683\" data-height=\"1024\" aria-label=\"H\u00f4tel Les Monts Charvin - Courchevel \u00a9 Aubry Bertin\" role=\"img\" ><\/div>\n\t\t\t\t\t\t\t\t\t\t\t<div class=\"elementor-gallery-item__overlay\"><\/div>\n\t\t\t\t\t\t\t\t\t\t\t\t\t\t<\/a>\n\t\t\t\t\t\t\t<a class=\"e-gallery-item elementor-gallery-item elementor-animated-content\" data-e-gallery-tags=\"1\" href=\"https:\/\/www.montscharvin-courchevel.com\/wp-content\/uploads\/2025\/09\/Junior.webp\" data-elementor-open-lightbox=\"yes\" data-elementor-lightbox-slideshow=\"9925616\" data-e-action-hash=\"#elementor-action%3Aaction%3Dlightbox%26settings%3DeyJpZCI6NDE2LCJ1cmwiOiJodHRwczpcL1wvd3d3Lm1vbnRzY2hhcnZpbi1jb3VyY2hldmVsLmNvbVwvd3AtY29udGVudFwvdXBsb2Fkc1wvMjAyNVwvMDlcL0p1bmlvci53ZWJwIiwic2xpZGVzaG93IjoiOTkyNTYxNiJ9\">\n\t\t\t\t\t<div class=\"e-gallery-image elementor-gallery-item__image\" data-thumbnail=\"https:\/\/www.montscharvin-courchevel.com\/wp-content\/uploads\/2025\/09\/Junior-683x1024.webp\" data-width=\"683\" data-height=\"1024\" aria-label=\"Suite - H\u00f4tel Les Monts Charvin - Courchevel \u00a9 Aubry Bertin\" role=\"img\" ><\/div>\n\t\t\t\t\t\t\t\t\t\t\t<div class=\"elementor-gallery-item__overlay\"><\/div>\n\t\t\t\t\t\t\t\t\t\t\t\t\t\t<\/a>\n\t\t\t\t\t\t\t<a class=\"e-gallery-item elementor-gallery-item elementor-animated-content\" data-e-gallery-tags=\"1\" href=\"https:\/\/www.montscharvin-courchevel.com\/wp-content\/uploads\/2025\/09\/Familiale.webp\" data-elementor-open-lightbox=\"yes\" data-elementor-lightbox-slideshow=\"9925616\" data-e-action-hash=\"#elementor-action%3Aaction%3Dlightbox%26settings%3DeyJpZCI6NDE1LCJ1cmwiOiJodHRwczpcL1wvd3d3Lm1vbnRzY2hhcnZpbi1jb3VyY2hldmVsLmNvbVwvd3AtY29udGVudFwvdXBsb2Fkc1wvMjAyNVwvMDlcL0ZhbWlsaWFsZS53ZWJwIiwic2xpZGVzaG93IjoiOTkyNTYxNiJ9\">\n\t\t\t\t\t<div class=\"e-gallery-image elementor-gallery-item__image\" data-thumbnail=\"https:\/\/www.montscharvin-courchevel.com\/wp-content\/uploads\/2025\/09\/Familiale-683x1024.webp\" data-width=\"683\" data-height=\"1024\" aria-label=\"Chambre familiale - H\u00f4tel Les Monts Charvin - Courchevel \u00a9 Aubry Bertin\" role=\"img\" ><\/div>\n\t\t\t\t\t\t\t\t\t\t\t<div class=\"elementor-gallery-item__overlay\"><\/div>\n\t\t\t\t\t\t\t\t\t\t\t\t\t\t<\/a>\n\t\t\t\t\t\t\t<a class=\"e-gallery-item elementor-gallery-item elementor-animated-content\" data-e-gallery-tags=\"1\" href=\"https:\/\/www.montscharvin-courchevel.com\/wp-content\/uploads\/2025\/11\/DSC04308-HDR.webp\" data-elementor-open-lightbox=\"yes\" data-elementor-lightbox-slideshow=\"9925616\" data-e-action-hash=\"#elementor-action%3Aaction%3Dlightbox%26settings%3DeyJpZCI6NzMzLCJ1cmwiOiJodHRwczpcL1wvd3d3Lm1vbnRzY2hhcnZpbi1jb3VyY2hldmVsLmNvbVwvd3AtY29udGVudFwvdXBsb2Fkc1wvMjAyNVwvMTFcL0RTQzA0MzA4LUhEUi53ZWJwIiwic2xpZGVzaG93IjoiOTkyNTYxNiJ9\">\n\t\t\t\t\t<div class=\"e-gallery-image elementor-gallery-item__image\" data-thumbnail=\"https:\/\/www.montscharvin-courchevel.com\/wp-content\/uploads\/2025\/11\/DSC04308-HDR-1024x683.webp\" data-width=\"800\" data-height=\"534\" aria-label=\"\" role=\"img\" ><\/div>\n\t\t\t\t\t\t\t\t\t\t\t<div class=\"elementor-gallery-item__overlay\"><\/div>\n\t\t\t\t\t\t\t\t\t\t\t\t\t\t<\/a>\n\t\t\t\t\t\t\t<a class=\"e-gallery-item elementor-gallery-item elementor-animated-content\" data-e-gallery-tags=\"1\" href=\"https:\/\/www.montscharvin-courchevel.com\/wp-content\/uploads\/2025\/09\/DSC04660-HDR-scaled.jpg\" data-elementor-open-lightbox=\"yes\" data-elementor-lightbox-slideshow=\"9925616\" data-e-action-hash=\"#elementor-action%3Aaction%3Dlightbox%26settings%3DeyJpZCI6NDg3LCJ1cmwiOiJodHRwczpcL1wvd3d3Lm1vbnRzY2hhcnZpbi1jb3VyY2hldmVsLmNvbVwvd3AtY29udGVudFwvdXBsb2Fkc1wvMjAyNVwvMDlcL0RTQzA0NjYwLUhEUi1zY2FsZWQuanBnIiwic2xpZGVzaG93IjoiOTkyNTYxNiJ9\">\n\t\t\t\t\t<div class=\"e-gallery-image elementor-gallery-item__image\" data-thumbnail=\"https:\/\/www.montscharvin-courchevel.com\/wp-content\/uploads\/2025\/09\/DSC04660-HDR-1024x683.jpg\" data-width=\"800\" data-height=\"534\" aria-label=\"Suite - H\u00f4tel Les Monts Charvin - Courchevel \u00a9 Aubry Bertin\" role=\"img\" ><\/div>\n\t\t\t\t\t\t\t\t\t\t\t<div class=\"elementor-gallery-item__overlay\"><\/div>\n\t\t\t\t\t\t\t\t\t\t\t\t\t\t<\/a>\n\t\t\t\t\t\t\t<a class=\"e-gallery-item elementor-gallery-item elementor-animated-content\" data-e-gallery-tags=\"1\" href=\"https:\/\/www.montscharvin-courchevel.com\/wp-content\/uploads\/2025\/09\/DSC04366-HDR-header.webp\" data-elementor-open-lightbox=\"yes\" data-elementor-lightbox-slideshow=\"9925616\" data-e-action-hash=\"#elementor-action%3Aaction%3Dlightbox%26settings%3DeyJpZCI6NDU2LCJ1cmwiOiJodHRwczpcL1wvd3d3Lm1vbnRzY2hhcnZpbi1jb3VyY2hldmVsLmNvbVwvd3AtY29udGVudFwvdXBsb2Fkc1wvMjAyNVwvMDlcL0RTQzA0MzY2LUhEUi1oZWFkZXIud2VicCIsInNsaWRlc2hvdyI6Ijk5MjU2MTYifQ%3D%3D\">\n\t\t\t\t\t<div class=\"e-gallery-image elementor-gallery-item__image\" data-thumbnail=\"https:\/\/www.montscharvin-courchevel.com\/wp-content\/uploads\/2025\/09\/DSC04366-HDR-header-1024x357.webp\" data-width=\"800\" data-height=\"279\" aria-label=\"H\u00f4tel Les Monts Charvin - Courchevel \u00a9 Aubry Bertin\" role=\"img\" ><\/div>\n\t\t\t\t\t\t\t\t\t\t\t<div class=\"elementor-gallery-item__overlay\"><\/div>\n\t\t\t\t\t\t\t\t\t\t\t\t\t\t<\/a>\n\t\t\t\t\t\t\t<a class=\"e-gallery-item elementor-gallery-item elementor-animated-content\" data-e-gallery-tags=\"1\" href=\"https:\/\/www.montscharvin-courchevel.com\/wp-content\/uploads\/2025\/09\/standard.webp\" data-elementor-open-lightbox=\"yes\" data-elementor-lightbox-slideshow=\"9925616\" data-e-action-hash=\"#elementor-action%3Aaction%3Dlightbox%26settings%3DeyJpZCI6NDE4LCJ1cmwiOiJodHRwczpcL1wvd3d3Lm1vbnRzY2hhcnZpbi1jb3VyY2hldmVsLmNvbVwvd3AtY29udGVudFwvdXBsb2Fkc1wvMjAyNVwvMDlcL3N0YW5kYXJkLndlYnAiLCJzbGlkZXNob3ciOiI5OTI1NjE2In0%3D\">\n\t\t\t\t\t<div class=\"e-gallery-image elementor-gallery-item__image\" data-thumbnail=\"https:\/\/www.montscharvin-courchevel.com\/wp-content\/uploads\/2025\/09\/standard-683x1024.webp\" data-width=\"683\" data-height=\"1024\" aria-label=\"Chambre standard - H\u00f4tel Les Monts Charvin - Courchevel \u00a9 Aubry Bertin\" role=\"img\" ><\/div>\n\t\t\t\t\t\t\t\t\t\t\t<div class=\"elementor-gallery-item__overlay\"><\/div>\n\t\t\t\t\t\t\t\t\t\t\t\t\t\t<\/a>\n\t\t\t\t\t<\/div>\n\t\t\t\t\t<\/div>\n\t\t\t\t<\/div>\n\t\t\t\t<\/div>","protected":false},"excerpt":{"rendered":"<p>D\u00e9couvrir notre h\u00f4tel en image Tout H\u00f4tel Les chambres<\/p>","protected":false},"author":1,"featured_media":0,"parent":0,"menu_order":0,"comment_status":"closed","ping_status":"closed","template":"","meta":{"footnotes":""},"class_list":["post-359","page","type-page","status-publish","hentry"],"yoast_head":"<!-- This site is optimized with the Yoast SEO plugin v27.2 - https:\/\/yoast.com\/product\/yoast-seo-wordpress\/ -->\n<title>Galerie photos H\u00f4tel Courchevel \u2013 Les Monts Charvin<\/title>\n<meta name=\"description\" content=\"Explorez en images l\u2019H\u00f4tel Les Monts Charvin \u00e0 Courchevel : chambres, ambiance cosy et paysages alpins pour vous inspirer avant votre s\u00e9jour.\" \/>\n<meta name=\"robots\" content=\"index, follow, max-snippet:-1, max-image-preview:large, max-video-preview:-1\" \/>\n<link rel=\"canonical\" href=\"https:\/\/www.montscharvin-courchevel.com\/en\/galerie-photos\/\" \/>\n<meta property=\"og:locale\" content=\"en_GB\" \/>\n<meta property=\"og:type\" content=\"article\" \/>\n<meta property=\"og:title\" content=\"Galerie photos H\u00f4tel Courchevel \u2013 Les Monts Charvin\" \/>\n<meta property=\"og:description\" content=\"Explorez en images l\u2019H\u00f4tel Les Monts Charvin \u00e0 Courchevel : chambres, ambiance cosy et paysages alpins pour vous inspirer avant votre s\u00e9jour.\" \/>\n<meta property=\"og:url\" content=\"https:\/\/www.montscharvin-courchevel.com\/en\/galerie-photos\/\" \/>\n<meta property=\"og:site_name\" content=\"H\u00f4tel Monts Charvin Courchevel\" \/>\n<meta property=\"article:modified_time\" content=\"2025-11-07T04:58:31+00:00\" \/>\n<meta name=\"twitter:card\" content=\"summary_large_image\" \/>\n<meta name=\"twitter:label1\" content=\"Estimated reading time\" \/>\n\t<meta name=\"twitter:data1\" content=\"1 minute\" \/>\n<script type=\"application\/ld+json\" class=\"yoast-schema-graph\">{\"@context\":\"https:\/\/schema.org\",\"@graph\":[{\"@type\":\"WebPage\",\"@id\":\"https:\/\/www.montscharvin-courchevel.com\/galerie-photos\/\",\"url\":\"https:\/\/www.montscharvin-courchevel.com\/galerie-photos\/\",\"name\":\"Galerie photos H\u00f4tel Courchevel \u2013 Les Monts Charvin\",\"isPartOf\":{\"@id\":\"https:\/\/www.montscharvin-courchevel.com\/#website\"},\"datePublished\":\"2025-09-26T12:14:28+00:00\",\"dateModified\":\"2025-11-07T04:58:31+00:00\",\"description\":\"Explorez en images l\u2019H\u00f4tel Les Monts Charvin \u00e0 Courchevel : chambres, ambiance cosy et paysages alpins pour vous inspirer avant votre s\u00e9jour.\",\"breadcrumb\":{\"@id\":\"https:\/\/www.montscharvin-courchevel.com\/galerie-photos\/#breadcrumb\"},\"inLanguage\":\"en-GB\",\"potentialAction\":[{\"@type\":\"ReadAction\",\"target\":[\"https:\/\/www.montscharvin-courchevel.com\/galerie-photos\/\"]}]},{\"@type\":\"BreadcrumbList\",\"@id\":\"https:\/\/www.montscharvin-courchevel.com\/galerie-photos\/#breadcrumb\",\"itemListElement\":[{\"@type\":\"ListItem\",\"position\":1,\"name\":\"Accueil\",\"item\":\"https:\/\/www.montscharvin-courchevel.com\/\"},{\"@type\":\"ListItem\",\"position\":2,\"name\":\"Galerie photos\"}]},{\"@type\":\"WebSite\",\"@id\":\"https:\/\/www.montscharvin-courchevel.com\/#website\",\"url\":\"https:\/\/www.montscharvin-courchevel.com\/\",\"name\":\"H\u00f4tel Monts Charvin Courchevel\",\"description\":\"H\u00f4tel Monts Charvin Courchevel\",\"publisher\":{\"@id\":\"https:\/\/www.montscharvin-courchevel.com\/#organization\"},\"potentialAction\":[{\"@type\":\"SearchAction\",\"target\":{\"@type\":\"EntryPoint\",\"urlTemplate\":\"https:\/\/www.montscharvin-courchevel.com\/?s={search_term_string}\"},\"query-input\":{\"@type\":\"PropertyValueSpecification\",\"valueRequired\":true,\"valueName\":\"search_term_string\"}}],\"inLanguage\":\"en-GB\"},{\"@type\":\"Organization\",\"@id\":\"https:\/\/www.montscharvin-courchevel.com\/#organization\",\"name\":\"H\u00f4tel Monts Charvin Courchevel\",\"url\":\"https:\/\/www.montscharvin-courchevel.com\/\",\"logo\":{\"@type\":\"ImageObject\",\"inLanguage\":\"en-GB\",\"@id\":\"https:\/\/www.montscharvin-courchevel.com\/#\/schema\/logo\/image\/\",\"url\":\"https:\/\/www.montscharvin-courchevel.com\/wp-content\/uploads\/2025\/09\/logo-les-monts-charvins-boutique-hotel-courchevel.png\",\"contentUrl\":\"https:\/\/www.montscharvin-courchevel.com\/wp-content\/uploads\/2025\/09\/logo-les-monts-charvins-boutique-hotel-courchevel.png\",\"width\":167,\"height\":80,\"caption\":\"H\u00f4tel Monts Charvin Courchevel\"},\"image\":{\"@id\":\"https:\/\/www.montscharvin-courchevel.com\/#\/schema\/logo\/image\/\"}}]}<\/script>\n<!-- \/ Yoast SEO plugin. -->","yoast_head_json":{"title":"Galerie photos H\u00f4tel Courchevel \u2013 Les Monts Charvin","description":"Explorez en images l\u2019H\u00f4tel Les Monts Charvin \u00e0 Courchevel : chambres, ambiance cosy et paysages alpins pour vous inspirer avant votre s\u00e9jour.","robots":{"index":"index","follow":"follow","max-snippet":"max-snippet:-1","max-image-preview":"max-image-preview:large","max-video-preview":"max-video-preview:-1"},"canonical":"https:\/\/www.montscharvin-courchevel.com\/en\/galerie-photos\/","og_locale":"en_GB","og_type":"article","og_title":"Galerie photos H\u00f4tel Courchevel \u2013 Les Monts Charvin","og_description":"Explorez en images l\u2019H\u00f4tel Les Monts Charvin \u00e0 Courchevel : chambres, ambiance cosy et paysages alpins pour vous inspirer avant votre s\u00e9jour.","og_url":"https:\/\/www.montscharvin-courchevel.com\/en\/galerie-photos\/","og_site_name":"H\u00f4tel Monts Charvin Courchevel","article_modified_time":"2025-11-07T04:58:31+00:00","twitter_card":"summary_large_image","twitter_misc":{"Estimated reading time":"1 minute"},"schema":{"@context":"https:\/\/schema.org","@graph":[{"@type":"WebPage","@id":"https:\/\/www.montscharvin-courchevel.com\/galerie-photos\/","url":"https:\/\/www.montscharvin-courchevel.com\/galerie-photos\/","name":"Galerie photos H\u00f4tel Courchevel \u2013 Les Monts Charvin","isPartOf":{"@id":"https:\/\/www.montscharvin-courchevel.com\/#website"},"datePublished":"2025-09-26T12:14:28+00:00","dateModified":"2025-11-07T04:58:31+00:00","description":"Explorez en images l\u2019H\u00f4tel Les Monts Charvin \u00e0 Courchevel : chambres, ambiance cosy et paysages alpins pour vous inspirer avant votre s\u00e9jour.","breadcrumb":{"@id":"https:\/\/www.montscharvin-courchevel.com\/galerie-photos\/#breadcrumb"},"inLanguage":"en-GB","potentialAction":[{"@type":"ReadAction","target":["https:\/\/www.montscharvin-courchevel.com\/galerie-photos\/"]}]},{"@type":"BreadcrumbList","@id":"https:\/\/www.montscharvin-courchevel.com\/galerie-photos\/#breadcrumb","itemListElement":[{"@type":"ListItem","position":1,"name":"Accueil","item":"https:\/\/www.montscharvin-courchevel.com\/"},{"@type":"ListItem","position":2,"name":"Galerie photos"}]},{"@type":"WebSite","@id":"https:\/\/www.montscharvin-courchevel.com\/#website","url":"https:\/\/www.montscharvin-courchevel.com\/","name":"H\u00f4tel Monts Charvin Courchevel","description":"H\u00f4tel Monts Charvin Courchevel","publisher":{"@id":"https:\/\/www.montscharvin-courchevel.com\/#organization"},"potentialAction":[{"@type":"SearchAction","target":{"@type":"EntryPoint","urlTemplate":"https:\/\/www.montscharvin-courchevel.com\/?s={search_term_string}"},"query-input":{"@type":"PropertyValueSpecification","valueRequired":true,"valueName":"search_term_string"}}],"inLanguage":"en-GB"},{"@type":"Organization","@id":"https:\/\/www.montscharvin-courchevel.com\/#organization","name":"H\u00f4tel Monts Charvin Courchevel","url":"https:\/\/www.montscharvin-courchevel.com\/","logo":{"@type":"ImageObject","inLanguage":"en-GB","@id":"https:\/\/www.montscharvin-courchevel.com\/#\/schema\/logo\/image\/","url":"https:\/\/www.montscharvin-courchevel.com\/wp-content\/uploads\/2025\/09\/logo-les-monts-charvins-boutique-hotel-courchevel.png","contentUrl":"https:\/\/www.montscharvin-courchevel.com\/wp-content\/uploads\/2025\/09\/logo-les-monts-charvins-boutique-hotel-courchevel.png","width":167,"height":80,"caption":"H\u00f4tel Monts Charvin Courchevel"},"image":{"@id":"https:\/\/www.montscharvin-courchevel.com\/#\/schema\/logo\/image\/"}}]}},"_links":{"self":[{"href":"https:\/\/www.montscharvin-courchevel.com\/en\/wp-json\/wp\/v2\/pages\/359","targetHints":{"allow":["GET"]}}],"collection":[{"href":"https:\/\/www.montscharvin-courchevel.com\/en\/wp-json\/wp\/v2\/pages"}],"about":[{"href":"https:\/\/www.montscharvin-courchevel.com\/en\/wp-json\/wp\/v2\/types\/page"}],"author":[{"embeddable":true,"href":"https:\/\/www.montscharvin-courchevel.com\/en\/wp-json\/wp\/v2\/users\/1"}],"replies":[{"embeddable":true,"href":"https:\/\/www.montscharvin-courchevel.com\/en\/wp-json\/wp\/v2\/comments?post=359"}],"version-history":[{"count":22,"href":"https:\/\/www.montscharvin-courchevel.com\/en\/wp-json\/wp\/v2\/pages\/359\/revisions"}],"predecessor-version":[{"id":751,"href":"https:\/\/www.montscharvin-courchevel.com\/en\/wp-json\/wp\/v2\/pages\/359\/revisions\/751"}],"wp:attachment":[{"href":"https:\/\/www.montscharvin-courchevel.com\/en\/wp-json\/wp\/v2\/media?parent=359"}],"curies":[{"name":"wp","href":"https:\/\/api.w.org\/{rel}","templated":true}]}}